{"id":2046,"date":"2023-12-13T11:18:16","date_gmt":"2023-12-13T11:18:16","guid":{"rendered":"https:\/\/arquitectesvallesbaix.infofuturo.eu\/?page_id=2046"},"modified":"2024-07-23T08:42:18","modified_gmt":"2024-07-23T08:42:18","slug":"i-t-e-reparacion-de-fachadas","status":"publish","type":"page","link":"https:\/\/arquitectesvallesbaix.com\/es\/i-t-e-reparacion-de-fachadas\/","title":{"rendered":"I.T.E., REPARACI\u00d3N DE FACHADAS"},"content":{"rendered":"<div class=\"brz-root__container brz-reset-all brz\">\n<section id=\"scraydyuqwqanxowhtsakxbdgzdzbyqnpmjk\" class=\"brz-section brz-css-kEOyi brz-css-rxNsQ\">\n<div class=\"brz-section__content brz-section--boxed brz-css-iF8sx brz-css-o_ruB\" data-brz-custom-id=\"purhbvaqkqyjjsplpowgeamcqtgtapuzdwkr\">\n<div class=\"brz-bg\">\n<div class=\"brz-bg-image\"><\/div>\n<div class=\"brz-bg-color\"><\/div>\n<\/div>\n<div class=\"brz-container brz-css-sinfB brz-css-crMcq\">\n<div id=\"\" data-brz-iteration-count=\"1\" class=\"brz-css-nr97w brz-wrapper brz-animated brz-css-cDjlH brz-css-sx83t\" data-animationid=\"xvikivjtwszlchkcgwveilnqdjtvienvxsuh\">\n<div class=\"brz-rich-text brz-rich-text__custom brz-css-rgfqe\" data-brz-custom-id=\"yqfehmmkxsrfovjolvethvaldbcqudljlazy\">\n<div data-brz-translate-text=\"1\">\n<p class=\"brz-tp-lg-heading1 brz-lh-xs-2 brz-fs-xs-14 brz-text-lg-center brz-css-pUyH2\" data-generated-css=\"brz-css-yFyu8\" data-uniq-id=\"b97By\"><span>I.T.E., REPARACI\u00d3N DE FACHADAS<\/span><\/p>\n<\/div>\n<\/div>\n<\/div>\n<div id=\"\" class=\"brz-css-nr97w brz-css-hPv6P brz-wrapper\">\n<div class=\"brz-spacer brz-css-c9gIN brz-css-jotZL\"><\/div>\n<\/div>\n<div data-brz-iteration-count=\"1\" class=\"brz-wrapper-clone brz-css-sFggV brz-animated brz-css-qTwlJ brz-css-hK_Q2\" data-animationid=\"qosdgyvuzugrpomhdnpwddgfdyvrkbuuzlkd\">\n<div class=\"brz-d-xs-flex brz-flex-xs-wrap brz-css-f4G2D\" data-brz-custom-id=\"\">\n<div class=\"brz-wrapper-clone__item\" id=\"ygirshowetikovhavagcruekhjbzhjrrepmr\">\n<div class=\"brz-icon__container\" data-brz-custom-id=\"ygirshowetikovhavagcruekhjbzhjrrepmr\"><a class=\"brz-a brz-anchor\" href=\"#etdrhwfbbupgaobihfuprevovyxlnsahuxsk\" target=\"_self\" rel=\"noopener\" data-brz-link-type=\"anchor\"><span class=\"brz-icon brz-span brz-css-gU8Ul brz-css-hTErK\"><\/span><\/a><\/div>\n<\/div>\n<\/div>\n<\/div>\n<\/div>\n<\/div>\n<\/section>\n<section id=\"etdrhwfbbupgaobihfuprevovyxlnsahuxsk\" class=\"brz-section brz-css-kEOyi\">\n<div class=\"brz-section__content brz-section--boxed brz-css-iF8sx brz-css-bxraQ\" data-brz-custom-id=\"ubczeckzdltizpesxytlhheuonekemtntvjl\">\n<div class=\"brz-bg\">\n<div class=\"brz-bg-image\"><\/div>\n<div class=\"brz-bg-color\"><\/div>\n<\/div>\n<div class=\"brz-container brz-css-sinfB brz-css-fBPxf\">\n<div id=\"\" class=\"brz-css-nr97w brz-wrapper\">\n<div class=\"brz-rich-text brz-rich-text__custom brz-css-rgfqe\" data-brz-custom-id=\"iTI2FOkN3KuG\">\n<div data-brz-translate-text=\"1\">\n<p class=\"brz-tp-lg-paragraph brz-css-wZAXE\" data-uniq-id=\"jmQYV\" data-generated-css=\"brz-css-xuDhY\"><span class=\"brz-cp-color1\">Nos especializamos en ofrecer soluciones integrales para garantizar la seguridad, durabilidad y est\u00e9tica de las fachadas de edificios.<\/span><\/p>\n<\/div>\n<\/div>\n<\/div>\n<div id=\"\" class=\"brz-css-nr97w brz-css-hPv6P brz-wrapper\">\n<div class=\"brz-spacer brz-css-c9gIN\"><\/div>\n<\/div>\n<div id=\"\" class=\"brz-css-nr97w brz-wrapper\">\n<div class=\"brz-image brz-css-zu90E brz-css-tkuK6\" data-brz-custom-id=\"rmS9bUuPQJBY\"><img decoding=\"async\" class=\"brz-img lazyload\" data-src=\"https:\/\/arquitectesvallesbaix.com\/wp-content\/uploads\/brizy\/imgs\/trabajando-1-936x624x0x31x936x562x1679499093.jpg\" alt=\"\" loading=\"lazy\" src=\"data:image\/gif;base64,R0lGODlhAQABAAAAACH5BAEKAAEALAAAAAABAAEAAAICTAEAOw==\" style=\"--smush-placeholder-width: 936px; --smush-placeholder-aspect-ratio: 936\/562;\"><noscript><img decoding=\"async\" class=\"brz-img\" src=\"https:\/\/arquitectesvallesbaix.com\/wp-content\/uploads\/brizy\/imgs\/trabajando-1-936x624x0x31x936x562x1679499093.jpg\" alt=\"\" loading=\"lazy\"><\/noscript><\/div>\n<\/div>\n<div id=\"\" class=\"brz-css-nr97w brz-css-hPv6P brz-wrapper\">\n<div class=\"brz-spacer brz-css-c9gIN\"><\/div>\n<\/div>\n<div id=\"\" class=\"brz-css-nr97w brz-wrapper\">\n<div class=\"brz-rich-text brz-rich-text__custom brz-css-rgfqe\" data-brz-custom-id=\"lMXl6noU2wcW\">\n<div data-brz-translate-text=\"1\">\n<p class=\"brz-lh-lg-1_6 brz-ls-lg-0 brz-fw-lg-400 brz-fss-lg-px brz-fs-lg-24 brz-ft-google brz-ff-reem_kufi brz-tp-lg-empty brz-css-uS6fW\" data-uniq-id=\"h3LcF\" data-generated-css=\"brz-css-rUyJk\"><strong class=\"brz-cp-color2\">Reparaci\u00f3n de Fachadas<\/strong><\/p>\n<\/div>\n<\/div>\n<\/div>\n<div id=\"\" class=\"brz-css-nr97w brz-wrapper\">\n<div class=\"brz-rich-text brz-rich-text__custom brz-css-rgfqe\" data-brz-custom-id=\"gim6r5u8nRcI\">\n<div data-brz-translate-text=\"1\">\n<p class=\"brz-tp-lg-paragraph brz-css-l_qOF\" data-uniq-id=\"m9n4C\" data-generated-css=\"brz-css-jbuD6\"><span class=\"brz-cp-color1\">Nuestro compromiso es ofrecerle soluciones efectivas y personalizadas para la reparaci\u00f3n de fachadas. Ya sea que su edificio requiera trabajos de restauraci\u00f3n, renovaci\u00f3n de revestimientos o reparaci\u00f3n de da\u00f1os causados por condiciones clim\u00e1ticas adversas, estamos aqu\u00ed para ayudarle. Utilizamos materiales de alta calidad y t\u00e9cnicas avanzadas para garantizar resultados duraderos y est\u00e9ticamente atractivos.<\/span><\/p>\n<\/div>\n<\/div>\n<\/div>\n<\/div>\n<\/div>\n<\/section>\n<\/div>\n<p>    <!-- version:1721724137 --><\/p>\n","protected":false},"excerpt":{"rendered":"<p>I.T.E., REPARACI\u00d3N DE FACHADAS Nos especializamos en ofrecer soluciones integrales para garantizar la seguridad, durabilidad y est\u00e9tica de las fachadas de edificios. Reparaci\u00f3n de Fachadas Nuestro compromiso es ofrecerle soluciones efectivas y personalizadas para la reparaci\u00f3n de fachadas. Ya sea que su edificio requiera trabajos de restauraci\u00f3n, renovaci\u00f3n de revestimientos o reparaci\u00f3n de da\u00f1os causados [&hellip;]<\/p>\n","protected":false},"author":1,"featured_media":0,"parent":0,"menu_order":0,"comment_status":"closed","ping_status":"closed","template":"brizy-blank-template.php","meta":{"site-sidebar-layout":"default","site-content-layout":"","ast-site-content-layout":"","site-content-style":"default","site-sidebar-style":"default","ast-global-header-display":"","ast-banner-title-visibility":"","ast-main-header-display":"","ast-hfb-above-header-display":"","ast-hfb-below-header-display":"","ast-hfb-mobile-header-display":"","site-post-title":"","ast-breadcrumbs-content":"","ast-featured-img":"","footer-sml-layout":"","theme-transparent-header-meta":"","adv-header-id-meta":"","stick-header-meta":"","header-above-stick-meta":"","header-main-stick-meta":"","header-below-stick-meta":"","astra-migrate-meta-layouts":"default","ast-page-background-enabled":"default","ast-page-background-meta":{"desktop":{"background-color":"var(--ast-global-color-4)","background-image":"","background-repeat":"repeat","background-position":"center center","background-size":"auto","background-attachment":"scroll","background-type":"","background-media":"","overlay-type":"","overlay-color":"","overlay-opacity":"","overlay-gradient":""},"tablet":{"background-color":"","background-image":"","background-repeat":"repeat","background-position":"center center","background-size":"auto","background-attachment":"scroll","background-type":"","background-media":"","overlay-type":"","overlay-color":"","overlay-opacity":"","overlay-gradient":""},"mobile":{"background-color":"","background-image":"","background-repeat":"repeat","background-position":"center center","background-size":"auto","background-attachment":"scroll","background-type":"","background-media":"","overlay-type":"","overlay-color":"","overlay-opacity":"","overlay-gradient":""}},"ast-content-background-meta":{"desktop":{"background-color":"var(--ast-global-color-5)","background-image":"","background-repeat":"repeat","background-position":"center center","background-size":"auto","background-attachment":"scroll","background-type":"","background-media":"","overlay-type":"","overlay-color":"","overlay-opacity":"","overlay-gradient":""},"tablet":{"background-color":"var(--ast-global-color-5)","background-image":"","background-repeat":"repeat","background-position":"center center","background-size":"auto","background-attachment":"scroll","background-type":"","background-media":"","overlay-type":"","overlay-color":"","overlay-opacity":"","overlay-gradient":""},"mobile":{"background-color":"var(--ast-global-color-5)","background-image":"","background-repeat":"repeat","background-position":"center center","background-size":"auto","background-attachment":"scroll","background-type":"","background-media":"","overlay-type":"","overlay-color":"","overlay-opacity":"","overlay-gradient":""}},"footnotes":""},"class_list":["post-2046","page","type-page","status-publish","hentry"],"yoast_head":"<!-- This site is optimized with the Yoast SEO plugin v23.7 - https:\/\/yoast.com\/wordpress\/plugins\/seo\/ -->\n<title>I.T.E., REPARACI\u00d3N DE FACHADAS - arquitectesvalle<\/title>\n<meta name=\"robots\" content=\"index, follow, max-snippet:-1, max-image-preview:large, max-video-preview:-1\" \/>\n<link rel=\"canonical\" href=\"https:\/\/arquitectesvallesbaix.com\/es\/i-t-e-reparacion-de-fachadas\/\" \/>\n<meta property=\"og:locale\" content=\"es_ES\" \/>\n<meta property=\"og:type\" content=\"article\" \/>\n<meta property=\"og:title\" content=\"I.T.E., REPARACI\u00d3N DE FACHADAS - arquitectesvalle\" \/>\n<meta property=\"og:description\" content=\"I.T.E., REPARACI\u00d3N DE FACHADAS Nos especializamos en ofrecer soluciones integrales para garantizar la seguridad, durabilidad y est\u00e9tica de las fachadas de edificios. Reparaci\u00f3n de Fachadas Nuestro compromiso es ofrecerle soluciones efectivas y personalizadas para la reparaci\u00f3n de fachadas. Ya sea que su edificio requiera trabajos de restauraci\u00f3n, renovaci\u00f3n de revestimientos o reparaci\u00f3n de da\u00f1os causados [&hellip;]\" \/>\n<meta property=\"og:url\" content=\"https:\/\/arquitectesvallesbaix.com\/es\/i-t-e-reparacion-de-fachadas\/\" \/>\n<meta property=\"og:site_name\" content=\"arquitectesvalle\" \/>\n<meta property=\"article:modified_time\" content=\"2024-07-23T08:42:18+00:00\" \/>\n<meta property=\"og:image\" content=\"https:\/\/arquitectesvallesbaix.com\/wp-content\/uploads\/brizy\/imgs\/trabajando-1-936x624x0x31x936x562x1679499093.jpg\" \/>\n<meta name=\"twitter:card\" content=\"summary_large_image\" \/>\n<meta name=\"twitter:site\" content=\"@arquitectesvb\" \/>\n<script type=\"application\/ld+json\" class=\"yoast-schema-graph\">{\"@context\":\"https:\/\/schema.org\",\"@graph\":[{\"@type\":\"WebPage\",\"@id\":\"https:\/\/arquitectesvallesbaix.com\/es\/i-t-e-reparacion-de-fachadas\/\",\"url\":\"https:\/\/arquitectesvallesbaix.com\/es\/i-t-e-reparacion-de-fachadas\/\",\"name\":\"I.T.E., REPARACI\u00d3N DE FACHADAS - arquitectesvalle\",\"isPartOf\":{\"@id\":\"https:\/\/arquitectesvallesbaix.com\/#website\"},\"primaryImageOfPage\":{\"@id\":\"https:\/\/arquitectesvallesbaix.com\/es\/i-t-e-reparacion-de-fachadas\/#primaryimage\"},\"image\":{\"@id\":\"https:\/\/arquitectesvallesbaix.com\/es\/i-t-e-reparacion-de-fachadas\/#primaryimage\"},\"thumbnailUrl\":\"https:\/\/arquitectesvallesbaix.com\/wp-content\/uploads\/brizy\/imgs\/trabajando-1-936x624x0x31x936x562x1679499093.jpg\",\"datePublished\":\"2023-12-13T11:18:16+00:00\",\"dateModified\":\"2024-07-23T08:42:18+00:00\",\"breadcrumb\":{\"@id\":\"https:\/\/arquitectesvallesbaix.com\/es\/i-t-e-reparacion-de-fachadas\/#breadcrumb\"},\"inLanguage\":\"es\",\"potentialAction\":[{\"@type\":\"ReadAction\",\"target\":[\"https:\/\/arquitectesvallesbaix.com\/es\/i-t-e-reparacion-de-fachadas\/\"]}]},{\"@type\":\"ImageObject\",\"inLanguage\":\"es\",\"@id\":\"https:\/\/arquitectesvallesbaix.com\/es\/i-t-e-reparacion-de-fachadas\/#primaryimage\",\"url\":\"https:\/\/arquitectesvallesbaix.com\/wp-content\/uploads\/brizy\/imgs\/trabajando-1-936x624x0x31x936x562x1679499093.jpg\",\"contentUrl\":\"https:\/\/arquitectesvallesbaix.com\/wp-content\/uploads\/brizy\/imgs\/trabajando-1-936x624x0x31x936x562x1679499093.jpg\"},{\"@type\":\"BreadcrumbList\",\"@id\":\"https:\/\/arquitectesvallesbaix.com\/es\/i-t-e-reparacion-de-fachadas\/#breadcrumb\",\"itemListElement\":[{\"@type\":\"ListItem\",\"position\":1,\"name\":\"Inici\",\"item\":\"https:\/\/arquitectesvallesbaix.com\/\"},{\"@type\":\"ListItem\",\"position\":2,\"name\":\"I.T.E., REPARACI\u00d3N DE FACHADAS\"}]},{\"@type\":\"WebSite\",\"@id\":\"https:\/\/arquitectesvallesbaix.com\/#website\",\"url\":\"https:\/\/arquitectesvallesbaix.com\/\",\"name\":\"Arquitectes Vall\u00e8s-Baix\",\"description\":\"\",\"publisher\":{\"@id\":\"https:\/\/arquitectesvallesbaix.com\/#organization\"},\"potentialAction\":[{\"@type\":\"SearchAction\",\"target\":{\"@type\":\"EntryPoint\",\"urlTemplate\":\"https:\/\/arquitectesvallesbaix.com\/?s={search_term_string}\"},\"query-input\":{\"@type\":\"PropertyValueSpecification\",\"valueRequired\":true,\"valueName\":\"search_term_string\"}}],\"inLanguage\":\"es\"},{\"@type\":\"Organization\",\"@id\":\"https:\/\/arquitectesvallesbaix.com\/#organization\",\"name\":\"Arquitectes Vall\u00e8s-Baix\",\"url\":\"https:\/\/arquitectesvallesbaix.com\/\",\"logo\":{\"@type\":\"ImageObject\",\"inLanguage\":\"es\",\"@id\":\"https:\/\/arquitectesvallesbaix.com\/#\/schema\/logo\/image\/\",\"url\":\"https:\/\/arquitectesvallesbaix.comwp-content\/uploads\/2023\/03\/favicon.png\",\"contentUrl\":\"https:\/\/arquitectesvallesbaix.comwp-content\/uploads\/2023\/03\/favicon.png\",\"width\":447,\"height\":447,\"caption\":\"Arquitectes Vall\u00e8s-Baix\"},\"image\":{\"@id\":\"https:\/\/arquitectesvallesbaix.com\/#\/schema\/logo\/image\/\"},\"sameAs\":[\"https:\/\/x.com\/arquitectesvb\",\"https:\/\/www.linkedin.com\/in\/arquitectesvallesbaix\/?originalSubdomain=es\"]}]}<\/script>\n<!-- \/ Yoast SEO plugin. -->","yoast_head_json":{"title":"I.T.E., REPARACI\u00d3N DE FACHADAS - arquitectesvalle","robots":{"index":"index","follow":"follow","max-snippet":"max-snippet:-1","max-image-preview":"max-image-preview:large","max-video-preview":"max-video-preview:-1"},"canonical":"https:\/\/arquitectesvallesbaix.com\/es\/i-t-e-reparacion-de-fachadas\/","og_locale":"es_ES","og_type":"article","og_title":"I.T.E., REPARACI\u00d3N DE FACHADAS - arquitectesvalle","og_description":"I.T.E., REPARACI\u00d3N DE FACHADAS Nos especializamos en ofrecer soluciones integrales para garantizar la seguridad, durabilidad y est\u00e9tica de las fachadas de edificios. Reparaci\u00f3n de Fachadas Nuestro compromiso es ofrecerle soluciones efectivas y personalizadas para la reparaci\u00f3n de fachadas. Ya sea que su edificio requiera trabajos de restauraci\u00f3n, renovaci\u00f3n de revestimientos o reparaci\u00f3n de da\u00f1os causados [&hellip;]","og_url":"https:\/\/arquitectesvallesbaix.com\/es\/i-t-e-reparacion-de-fachadas\/","og_site_name":"arquitectesvalle","article_modified_time":"2024-07-23T08:42:18+00:00","og_image":[{"url":"https:\/\/arquitectesvallesbaix.com\/wp-content\/uploads\/brizy\/imgs\/trabajando-1-936x624x0x31x936x562x1679499093.jpg"}],"twitter_card":"summary_large_image","twitter_site":"@arquitectesvb","schema":{"@context":"https:\/\/schema.org","@graph":[{"@type":"WebPage","@id":"https:\/\/arquitectesvallesbaix.com\/es\/i-t-e-reparacion-de-fachadas\/","url":"https:\/\/arquitectesvallesbaix.com\/es\/i-t-e-reparacion-de-fachadas\/","name":"I.T.E., REPARACI\u00d3N DE FACHADAS - arquitectesvalle","isPartOf":{"@id":"https:\/\/arquitectesvallesbaix.com\/#website"},"primaryImageOfPage":{"@id":"https:\/\/arquitectesvallesbaix.com\/es\/i-t-e-reparacion-de-fachadas\/#primaryimage"},"image":{"@id":"https:\/\/arquitectesvallesbaix.com\/es\/i-t-e-reparacion-de-fachadas\/#primaryimage"},"thumbnailUrl":"https:\/\/arquitectesvallesbaix.com\/wp-content\/uploads\/brizy\/imgs\/trabajando-1-936x624x0x31x936x562x1679499093.jpg","datePublished":"2023-12-13T11:18:16+00:00","dateModified":"2024-07-23T08:42:18+00:00","breadcrumb":{"@id":"https:\/\/arquitectesvallesbaix.com\/es\/i-t-e-reparacion-de-fachadas\/#breadcrumb"},"inLanguage":"es","potentialAction":[{"@type":"ReadAction","target":["https:\/\/arquitectesvallesbaix.com\/es\/i-t-e-reparacion-de-fachadas\/"]}]},{"@type":"ImageObject","inLanguage":"es","@id":"https:\/\/arquitectesvallesbaix.com\/es\/i-t-e-reparacion-de-fachadas\/#primaryimage","url":"https:\/\/arquitectesvallesbaix.com\/wp-content\/uploads\/brizy\/imgs\/trabajando-1-936x624x0x31x936x562x1679499093.jpg","contentUrl":"https:\/\/arquitectesvallesbaix.com\/wp-content\/uploads\/brizy\/imgs\/trabajando-1-936x624x0x31x936x562x1679499093.jpg"},{"@type":"BreadcrumbList","@id":"https:\/\/arquitectesvallesbaix.com\/es\/i-t-e-reparacion-de-fachadas\/#breadcrumb","itemListElement":[{"@type":"ListItem","position":1,"name":"Inici","item":"https:\/\/arquitectesvallesbaix.com\/"},{"@type":"ListItem","position":2,"name":"I.T.E., REPARACI\u00d3N DE FACHADAS"}]},{"@type":"WebSite","@id":"https:\/\/arquitectesvallesbaix.com\/#website","url":"https:\/\/arquitectesvallesbaix.com\/","name":"Arquitectes Vall\u00e8s-Baix","description":"","publisher":{"@id":"https:\/\/arquitectesvallesbaix.com\/#organization"},"potentialAction":[{"@type":"SearchAction","target":{"@type":"EntryPoint","urlTemplate":"https:\/\/arquitectesvallesbaix.com\/?s={search_term_string}"},"query-input":{"@type":"PropertyValueSpecification","valueRequired":true,"valueName":"search_term_string"}}],"inLanguage":"es"},{"@type":"Organization","@id":"https:\/\/arquitectesvallesbaix.com\/#organization","name":"Arquitectes Vall\u00e8s-Baix","url":"https:\/\/arquitectesvallesbaix.com\/","logo":{"@type":"ImageObject","inLanguage":"es","@id":"https:\/\/arquitectesvallesbaix.com\/#\/schema\/logo\/image\/","url":"https:\/\/arquitectesvallesbaix.comwp-content\/uploads\/2023\/03\/favicon.png","contentUrl":"https:\/\/arquitectesvallesbaix.comwp-content\/uploads\/2023\/03\/favicon.png","width":447,"height":447,"caption":"Arquitectes Vall\u00e8s-Baix"},"image":{"@id":"https:\/\/arquitectesvallesbaix.com\/#\/schema\/logo\/image\/"},"sameAs":["https:\/\/x.com\/arquitectesvb","https:\/\/www.linkedin.com\/in\/arquitectesvallesbaix\/?originalSubdomain=es"]}]}},"_links":{"self":[{"href":"https:\/\/arquitectesvallesbaix.com\/es\/wp-json\/wp\/v2\/pages\/2046","targetHints":{"allow":["GET"]}}],"collection":[{"href":"https:\/\/arquitectesvallesbaix.com\/es\/wp-json\/wp\/v2\/pages"}],"about":[{"href":"https:\/\/arquitectesvallesbaix.com\/es\/wp-json\/wp\/v2\/types\/page"}],"author":[{"embeddable":true,"href":"https:\/\/arquitectesvallesbaix.com\/es\/wp-json\/wp\/v2\/users\/1"}],"replies":[{"embeddable":true,"href":"https:\/\/arquitectesvallesbaix.com\/es\/wp-json\/wp\/v2\/comments?post=2046"}],"version-history":[{"count":0,"href":"https:\/\/arquitectesvallesbaix.com\/es\/wp-json\/wp\/v2\/pages\/2046\/revisions"}],"wp:attachment":[{"href":"https:\/\/arquitectesvallesbaix.com\/es\/wp-json\/wp\/v2\/media?parent=2046"}],"curies":[{"name":"wp","href":"https:\/\/api.w.org\/{rel}","templated":true}]}}