{"id":2269,"date":"2023-12-14T15:48:52","date_gmt":"2023-12-14T15:48:52","guid":{"rendered":"https:\/\/arquitectesvallesbaix.infofuturo.eu\/?page_id=2269"},"modified":"2024-07-24T02:47:49","modified_gmt":"2024-07-24T02:47:49","slug":"rehabilitacion-energetica","status":"publish","type":"page","link":"https:\/\/arquitectesvallesbaix.com\/es\/rehabilitacion-energetica\/","title":{"rendered":"REHABILITACI\u00d3N ENERG\u00c9TICA"},"content":{"rendered":"<div class=\"brz-root__container brz-reset-all brz\">\n<section id=\"scraydyuqwqanxowhtsakxbdgzdzbyqnpmjk\" class=\"brz-section brz-css-gjpKh brz-css-x0yRY\">\n<div class=\"brz-section__content brz-section--boxed brz-css-kY9vF brz-css-srqA8\" data-brz-custom-id=\"purhbvaqkqyjjsplpowgeamcqtgtapuzdwkr\">\n<div class=\"brz-bg\">\n<div class=\"brz-bg-image\"><\/div>\n<div class=\"brz-bg-color\"><\/div>\n<\/div>\n<div class=\"brz-container brz-css-gmqx0 brz-css-tmTss\">\n<div id=\"\" data-brz-iteration-count=\"1\" class=\"brz-css-xrgs6 brz-wrapper brz-animated brz-css-ly9LS brz-css-ckNy_\" data-animationid=\"xvikivjtwszlchkcgwveilnqdjtvienvxsuh\">\n<div class=\"brz-rich-text brz-rich-text__custom brz-css-yizjX\" data-brz-custom-id=\"yqfehmmkxsrfovjolvethvaldbcqudljlazy\">\n<div data-brz-translate-text=\"1\">\n<p class=\"brz-fs-lg-66 brz-ft-google brz-ff-eb_garamond brz-tp-lg-empty brz-lh-lg-1_6 brz-ls-lg-8 brz-fw-lg-400 brz-fss-lg-px brz-text-xs-center brz-mb-lg-20 brz-mb-xs-0 brz-lh-xs-2 brz-fs-xs-14 brz-text-lg-center brz-css-kzMtA\" data-generated-css=\"brz-css-qKszu\" data-uniq-id=\"g8Srh\"><span>REHABILITACI\u00d3N ENERG\u00c9TICA<\/span><\/p>\n<\/div>\n<\/div>\n<\/div>\n<div id=\"\" class=\"brz-css-xrgs6 brz-css-lXc8A brz-wrapper\">\n<div class=\"brz-spacer brz-css-zTssT brz-css-vSL2I\"><\/div>\n<\/div>\n<div data-brz-iteration-count=\"1\" class=\"brz-wrapper-clone brz-css-jrBzB brz-animated brz-css-ke0fz brz-css-lv6Mf\" data-animationid=\"qosdgyvuzugrpomhdnpwddgfdyvrkbuuzlkd\">\n<div class=\"brz-d-xs-flex brz-flex-xs-wrap brz-css-aUPBC\" data-brz-custom-id=\"\">\n<div class=\"brz-wrapper-clone__item\" id=\"ygirshowetikovhavagcruekhjbzhjrrepmr\">\n<div class=\"brz-icon__container\" data-brz-custom-id=\"ygirshowetikovhavagcruekhjbzhjrrepmr\"><a class=\"brz-a brz-anchor\" href=\"#etdrhwfbbupgaobihfuprevovyxlnsahuxsk\" target=\"_self\" rel=\"noopener\" data-brz-link-type=\"anchor\"><span class=\"brz-icon brz-span brz-css-pSa6C brz-css-omRpz\"><\/span><\/a><\/div>\n<\/div>\n<\/div>\n<\/div>\n<\/div>\n<\/div>\n<\/section>\n<section id=\"etdrhwfbbupgaobihfuprevovyxlnsahuxsk\" class=\"brz-section brz-css-gjpKh\">\n<div class=\"brz-section__content brz-section--boxed brz-css-kY9vF brz-css-k38S2\" data-brz-custom-id=\"ubczeckzdltizpesxytlhheuonekemtntvjl\">\n<div class=\"brz-bg\">\n<div class=\"brz-bg-image\"><\/div>\n<div class=\"brz-bg-color\"><\/div>\n<\/div>\n<div class=\"brz-container brz-css-gmqx0 brz-css-glHbQ\">\n<div id=\"\" class=\"brz-css-xrgs6 brz-wrapper\">\n<div class=\"brz-rich-text brz-rich-text__custom brz-css-yizjX\" data-brz-custom-id=\"ohdh28GlEd8K\">\n<div data-brz-translate-text=\"1\">\n<p class=\"brz-tp-lg-paragraph brz-css-z0G5D\" data-uniq-id=\"pVA91\" data-generated-css=\"brz-css-cZ5iZ\"><span class=\"brz-cp-color1\">En nuestro compromiso de construir un futuro sostenible, la rehabilitaci\u00f3n energ\u00e9tica se presenta como herramienta fundamental. En esta secci\u00f3n exploraremos c\u00f3mo podemos revitalizar y mejorar la eficiencia energ\u00e9tica de edificaciones existentes, contribuyendo no s\u00f3lo al ahorro de recursos, sino tambi\u00e9n al bienestar de quienes habitan estos espacios.<\/span><\/p>\n<\/div>\n<\/div>\n<\/div>\n<div id=\"\" class=\"brz-css-xrgs6 brz-css-lXc8A brz-wrapper\">\n<div class=\"brz-spacer brz-css-zTssT\"><\/div>\n<\/div>\n<div id=\"\" class=\"brz-css-xrgs6 brz-wrapper\">\n<div class=\"brz-image brz-css-jv9Nb brz-css-dOCzi\" data-brz-custom-id=\"gq8A5eq6T847\"><img decoding=\"async\" class=\"brz-img lazyload\" data-src=\"https:\/\/arquitectesvallesbaix.com\/wp-content\/uploads\/brizy\/imgs\/madera-936x624x0x47x936x530x1679498821.jpg\" alt=\"\" loading=\"lazy\" src=\"data:image\/gif;base64,R0lGODlhAQABAAAAACH5BAEKAAEALAAAAAABAAEAAAICTAEAOw==\" style=\"--smush-placeholder-width: 936px; --smush-placeholder-aspect-ratio: 936\/530;\"><noscript><img decoding=\"async\" class=\"brz-img\" src=\"https:\/\/arquitectesvallesbaix.com\/wp-content\/uploads\/brizy\/imgs\/madera-936x624x0x47x936x530x1679498821.jpg\" alt=\"\" loading=\"lazy\"><\/noscript><\/div>\n<\/div>\n<div id=\"\" class=\"brz-css-xrgs6 brz-css-lXc8A brz-wrapper\">\n<div class=\"brz-spacer brz-css-zTssT\"><\/div>\n<\/div>\n<div id=\"\" class=\"brz-css-xrgs6 brz-wrapper\">\n<div class=\"brz-rich-text brz-rich-text__custom brz-css-yizjX\" data-brz-custom-id=\"lTlFay7Nhq4P\">\n<div data-brz-translate-text=\"1\">\n<p class=\"brz-fs-lg-24 brz-ft-google brz-ff-reem_kufi brz-tp-lg-empty brz-lh-lg-1_6 brz-ls-lg-0 brz-fw-lg-400 brz-fss-lg-px brz-css-lW_5K\" data-uniq-id=\"uvVxs\" data-generated-css=\"brz-css-xwmEz\"><strong class=\"brz-cp-color2\">\u00bfQu\u00e9 es la Rehabilitaci\u00f3n Energ\u00e9tica?<\/strong><\/p>\n<\/div>\n<\/div>\n<\/div>\n<div id=\"\" class=\"brz-css-xrgs6 brz-wrapper\">\n<div class=\"brz-rich-text brz-rich-text__custom brz-css-yizjX\" data-brz-custom-id=\"m8h3M9E9dvo8\">\n<div data-brz-translate-text=\"1\">\n<p class=\"brz-tp-lg-paragraph brz-css-g60yf\" data-generated-css=\"brz-css-fDYMh\" data-uniq-id=\"abQEU\"><span class=\"brz-cp-color1\">La rehabilitaci\u00f3n energ\u00e9tica consiste en optimizar el rendimiento energ\u00e9tico de edificaciones ya construidas. Nos enfocamos en actualizar sistemas, mejorar aislamientos, implementar tecnolog\u00edas eficientes y adoptar pr\u00e1cticas sostenibles. Este enfoque no s\u00f3lo reduce el impacto ambiental, sino que tambi\u00e9n genera ahorros significativos a largo plazo.<\/span><\/p>\n<\/div>\n<\/div>\n<\/div>\n<div id=\"\" class=\"brz-css-xrgs6 brz-css-lXc8A brz-wrapper\">\n<div class=\"brz-spacer brz-css-zTssT\"><\/div>\n<\/div>\n<div class=\"brz-wrapper-clone brz-css-jrBzB\">\n<div class=\"brz-d-xs-flex brz-flex-xs-wrap brz-css-aUPBC\" data-brz-custom-id=\"\">\n<div class=\"brz-wrapper-clone__item\" id=\"yubWEMLIBRuz\"><a class=\"brz-a brz-btn brz-css-p6a3N\" href=\"\" target=\"_self\" rel=\"noopener\" data-brz-link-type=\"page\" data-brz-custom-id=\"yubWEMLIBRuz\"><span data-brz-translate-text=\"1\" class=\"brz-span brz-text__editor\">CONTACTAR<\/span><\/a><\/div>\n<\/div>\n<\/div>\n<\/div>\n<\/div>\n<\/section>\n<\/div>\n<p>    <!-- version:1721789269 --><\/p>\n","protected":false},"excerpt":{"rendered":"<p>REHABILITACI\u00d3N ENERG\u00c9TICA En nuestro compromiso de construir un futuro sostenible, la rehabilitaci\u00f3n energ\u00e9tica se presenta como herramienta fundamental. En esta secci\u00f3n exploraremos c\u00f3mo podemos revitalizar y mejorar la eficiencia energ\u00e9tica de edificaciones existentes, contribuyendo no s\u00f3lo al ahorro de recursos, sino tambi\u00e9n al bienestar de quienes habitan estos espacios. \u00bfQu\u00e9 es la Rehabilitaci\u00f3n Energ\u00e9tica? La [&hellip;]<\/p>\n","protected":false},"author":1,"featured_media":0,"parent":0,"menu_order":0,"comment_status":"closed","ping_status":"closed","template":"brizy-blank-template.php","meta":{"site-sidebar-layout":"default","site-content-layout":"","ast-site-content-layout":"","site-content-style":"default","site-sidebar-style":"default","ast-global-header-display":"","ast-banner-title-visibility":"","ast-main-header-display":"","ast-hfb-above-header-display":"","ast-hfb-below-header-display":"","ast-hfb-mobile-header-display":"","site-post-title":"","ast-breadcrumbs-content":"","ast-featured-img":"","footer-sml-layout":"","theme-transparent-header-meta":"","adv-header-id-meta":"","stick-header-meta":"","header-above-stick-meta":"","header-main-stick-meta":"","header-below-stick-meta":"","astra-migrate-meta-layouts":"set","ast-page-background-enabled":"default","ast-page-background-meta":{"desktop":{"background-color":"var(--ast-global-color-4)","background-image":"","background-repeat":"repeat","background-position":"center center","background-size":"auto","background-attachment":"scroll","background-type":"","background-media":"","overlay-type":"","overlay-color":"","overlay-opacity":"","overlay-gradient":""},"tablet":{"background-color":"","background-image":"","background-repeat":"repeat","background-position":"center center","background-size":"auto","background-attachment":"scroll","background-type":"","background-media":"","overlay-type":"","overlay-color":"","overlay-opacity":"","overlay-gradient":""},"mobile":{"background-color":"","background-image":"","background-repeat":"repeat","background-position":"center center","background-size":"auto","background-attachment":"scroll","background-type":"","background-media":"","overlay-type":"","overlay-color":"","overlay-opacity":"","overlay-gradient":""}},"ast-content-background-meta":{"desktop":{"background-color":"var(--ast-global-color-5)","background-image":"","background-repeat":"repeat","background-position":"center center","background-size":"auto","background-attachment":"scroll","background-type":"","background-media":"","overlay-type":"","overlay-color":"","overlay-opacity":"","overlay-gradient":""},"tablet":{"background-color":"var(--ast-global-color-5)","background-image":"","background-repeat":"repeat","background-position":"center center","background-size":"auto","background-attachment":"scroll","background-type":"","background-media":"","overlay-type":"","overlay-color":"","overlay-opacity":"","overlay-gradient":""},"mobile":{"background-color":"var(--ast-global-color-5)","background-image":"","background-repeat":"repeat","background-position":"center center","background-size":"auto","background-attachment":"scroll","background-type":"","background-media":"","overlay-type":"","overlay-color":"","overlay-opacity":"","overlay-gradient":""}},"footnotes":""},"class_list":["post-2269","page","type-page","status-publish","hentry"],"yoast_head":"<!-- This site is optimized with the Yoast SEO plugin v23.7 - https:\/\/yoast.com\/wordpress\/plugins\/seo\/ -->\n<title>REHABILITACI\u00d3N ENERG\u00c9TICA - arquitectesvalle<\/title>\n<meta name=\"robots\" content=\"index, follow, max-snippet:-1, max-image-preview:large, max-video-preview:-1\" \/>\n<link rel=\"canonical\" href=\"https:\/\/arquitectesvallesbaix.com\/es\/rehabilitacion-energetica\/\" \/>\n<meta property=\"og:locale\" content=\"es_ES\" \/>\n<meta property=\"og:type\" content=\"article\" \/>\n<meta property=\"og:title\" content=\"REHABILITACI\u00d3N ENERG\u00c9TICA - arquitectesvalle\" \/>\n<meta property=\"og:description\" content=\"REHABILITACI\u00d3N ENERG\u00c9TICA En nuestro compromiso de construir un futuro sostenible, la rehabilitaci\u00f3n energ\u00e9tica se presenta como herramienta fundamental. En esta secci\u00f3n exploraremos c\u00f3mo podemos revitalizar y mejorar la eficiencia energ\u00e9tica de edificaciones existentes, contribuyendo no s\u00f3lo al ahorro de recursos, sino tambi\u00e9n al bienestar de quienes habitan estos espacios. \u00bfQu\u00e9 es la Rehabilitaci\u00f3n Energ\u00e9tica? La [&hellip;]\" \/>\n<meta property=\"og:url\" content=\"https:\/\/arquitectesvallesbaix.com\/es\/rehabilitacion-energetica\/\" \/>\n<meta property=\"og:site_name\" content=\"arquitectesvalle\" \/>\n<meta property=\"article:modified_time\" content=\"2024-07-24T02:47:49+00:00\" \/>\n<meta property=\"og:image\" content=\"https:\/\/arquitectesvallesbaix.com\/wp-content\/uploads\/brizy\/imgs\/madera-936x624x0x47x936x530x1679498821.jpg\" \/>\n<meta name=\"twitter:card\" content=\"summary_large_image\" \/>\n<meta name=\"twitter:site\" content=\"@arquitectesvb\" \/>\n<meta name=\"twitter:label1\" content=\"Tiempo de lectura\" \/>\n\t<meta name=\"twitter:data1\" content=\"2 minutos\" \/>\n<script type=\"application\/ld+json\" class=\"yoast-schema-graph\">{\"@context\":\"https:\/\/schema.org\",\"@graph\":[{\"@type\":\"WebPage\",\"@id\":\"https:\/\/arquitectesvallesbaix.com\/es\/rehabilitacion-energetica\/\",\"url\":\"https:\/\/arquitectesvallesbaix.com\/es\/rehabilitacion-energetica\/\",\"name\":\"REHABILITACI\u00d3N ENERG\u00c9TICA - arquitectesvalle\",\"isPartOf\":{\"@id\":\"https:\/\/arquitectesvallesbaix.com\/#website\"},\"primaryImageOfPage\":{\"@id\":\"https:\/\/arquitectesvallesbaix.com\/es\/rehabilitacion-energetica\/#primaryimage\"},\"image\":{\"@id\":\"https:\/\/arquitectesvallesbaix.com\/es\/rehabilitacion-energetica\/#primaryimage\"},\"thumbnailUrl\":\"https:\/\/arquitectesvallesbaix.com\/wp-content\/uploads\/brizy\/imgs\/madera-936x624x0x47x936x530x1679498821.jpg\",\"datePublished\":\"2023-12-14T15:48:52+00:00\",\"dateModified\":\"2024-07-24T02:47:49+00:00\",\"breadcrumb\":{\"@id\":\"https:\/\/arquitectesvallesbaix.com\/es\/rehabilitacion-energetica\/#breadcrumb\"},\"inLanguage\":\"es\",\"potentialAction\":[{\"@type\":\"ReadAction\",\"target\":[\"https:\/\/arquitectesvallesbaix.com\/es\/rehabilitacion-energetica\/\"]}]},{\"@type\":\"ImageObject\",\"inLanguage\":\"es\",\"@id\":\"https:\/\/arquitectesvallesbaix.com\/es\/rehabilitacion-energetica\/#primaryimage\",\"url\":\"https:\/\/arquitectesvallesbaix.com\/wp-content\/uploads\/brizy\/imgs\/madera-936x624x0x47x936x530x1679498821.jpg\",\"contentUrl\":\"https:\/\/arquitectesvallesbaix.com\/wp-content\/uploads\/brizy\/imgs\/madera-936x624x0x47x936x530x1679498821.jpg\"},{\"@type\":\"BreadcrumbList\",\"@id\":\"https:\/\/arquitectesvallesbaix.com\/es\/rehabilitacion-energetica\/#breadcrumb\",\"itemListElement\":[{\"@type\":\"ListItem\",\"position\":1,\"name\":\"Inici\",\"item\":\"https:\/\/arquitectesvallesbaix.com\/\"},{\"@type\":\"ListItem\",\"position\":2,\"name\":\"REHABILITACI\u00d3N ENERG\u00c9TICA\"}]},{\"@type\":\"WebSite\",\"@id\":\"https:\/\/arquitectesvallesbaix.com\/#website\",\"url\":\"https:\/\/arquitectesvallesbaix.com\/\",\"name\":\"Arquitectes Vall\u00e8s-Baix\",\"description\":\"\",\"publisher\":{\"@id\":\"https:\/\/arquitectesvallesbaix.com\/#organization\"},\"potentialAction\":[{\"@type\":\"SearchAction\",\"target\":{\"@type\":\"EntryPoint\",\"urlTemplate\":\"https:\/\/arquitectesvallesbaix.com\/?s={search_term_string}\"},\"query-input\":{\"@type\":\"PropertyValueSpecification\",\"valueRequired\":true,\"valueName\":\"search_term_string\"}}],\"inLanguage\":\"es\"},{\"@type\":\"Organization\",\"@id\":\"https:\/\/arquitectesvallesbaix.com\/#organization\",\"name\":\"Arquitectes Vall\u00e8s-Baix\",\"url\":\"https:\/\/arquitectesvallesbaix.com\/\",\"logo\":{\"@type\":\"ImageObject\",\"inLanguage\":\"es\",\"@id\":\"https:\/\/arquitectesvallesbaix.com\/#\/schema\/logo\/image\/\",\"url\":\"https:\/\/arquitectesvallesbaix.comwp-content\/uploads\/2023\/03\/favicon.png\",\"contentUrl\":\"https:\/\/arquitectesvallesbaix.comwp-content\/uploads\/2023\/03\/favicon.png\",\"width\":447,\"height\":447,\"caption\":\"Arquitectes Vall\u00e8s-Baix\"},\"image\":{\"@id\":\"https:\/\/arquitectesvallesbaix.com\/#\/schema\/logo\/image\/\"},\"sameAs\":[\"https:\/\/x.com\/arquitectesvb\",\"https:\/\/www.linkedin.com\/in\/arquitectesvallesbaix\/?originalSubdomain=es\"]}]}<\/script>\n<!-- \/ Yoast SEO plugin. -->","yoast_head_json":{"title":"REHABILITACI\u00d3N ENERG\u00c9TICA - arquitectesvalle","robots":{"index":"index","follow":"follow","max-snippet":"max-snippet:-1","max-image-preview":"max-image-preview:large","max-video-preview":"max-video-preview:-1"},"canonical":"https:\/\/arquitectesvallesbaix.com\/es\/rehabilitacion-energetica\/","og_locale":"es_ES","og_type":"article","og_title":"REHABILITACI\u00d3N ENERG\u00c9TICA - arquitectesvalle","og_description":"REHABILITACI\u00d3N ENERG\u00c9TICA En nuestro compromiso de construir un futuro sostenible, la rehabilitaci\u00f3n energ\u00e9tica se presenta como herramienta fundamental. En esta secci\u00f3n exploraremos c\u00f3mo podemos revitalizar y mejorar la eficiencia energ\u00e9tica de edificaciones existentes, contribuyendo no s\u00f3lo al ahorro de recursos, sino tambi\u00e9n al bienestar de quienes habitan estos espacios. \u00bfQu\u00e9 es la Rehabilitaci\u00f3n Energ\u00e9tica? La [&hellip;]","og_url":"https:\/\/arquitectesvallesbaix.com\/es\/rehabilitacion-energetica\/","og_site_name":"arquitectesvalle","article_modified_time":"2024-07-24T02:47:49+00:00","og_image":[{"url":"https:\/\/arquitectesvallesbaix.com\/wp-content\/uploads\/brizy\/imgs\/madera-936x624x0x47x936x530x1679498821.jpg"}],"twitter_card":"summary_large_image","twitter_site":"@arquitectesvb","twitter_misc":{"Tiempo de lectura":"2 minutos"},"schema":{"@context":"https:\/\/schema.org","@graph":[{"@type":"WebPage","@id":"https:\/\/arquitectesvallesbaix.com\/es\/rehabilitacion-energetica\/","url":"https:\/\/arquitectesvallesbaix.com\/es\/rehabilitacion-energetica\/","name":"REHABILITACI\u00d3N ENERG\u00c9TICA - arquitectesvalle","isPartOf":{"@id":"https:\/\/arquitectesvallesbaix.com\/#website"},"primaryImageOfPage":{"@id":"https:\/\/arquitectesvallesbaix.com\/es\/rehabilitacion-energetica\/#primaryimage"},"image":{"@id":"https:\/\/arquitectesvallesbaix.com\/es\/rehabilitacion-energetica\/#primaryimage"},"thumbnailUrl":"https:\/\/arquitectesvallesbaix.com\/wp-content\/uploads\/brizy\/imgs\/madera-936x624x0x47x936x530x1679498821.jpg","datePublished":"2023-12-14T15:48:52+00:00","dateModified":"2024-07-24T02:47:49+00:00","breadcrumb":{"@id":"https:\/\/arquitectesvallesbaix.com\/es\/rehabilitacion-energetica\/#breadcrumb"},"inLanguage":"es","potentialAction":[{"@type":"ReadAction","target":["https:\/\/arquitectesvallesbaix.com\/es\/rehabilitacion-energetica\/"]}]},{"@type":"ImageObject","inLanguage":"es","@id":"https:\/\/arquitectesvallesbaix.com\/es\/rehabilitacion-energetica\/#primaryimage","url":"https:\/\/arquitectesvallesbaix.com\/wp-content\/uploads\/brizy\/imgs\/madera-936x624x0x47x936x530x1679498821.jpg","contentUrl":"https:\/\/arquitectesvallesbaix.com\/wp-content\/uploads\/brizy\/imgs\/madera-936x624x0x47x936x530x1679498821.jpg"},{"@type":"BreadcrumbList","@id":"https:\/\/arquitectesvallesbaix.com\/es\/rehabilitacion-energetica\/#breadcrumb","itemListElement":[{"@type":"ListItem","position":1,"name":"Inici","item":"https:\/\/arquitectesvallesbaix.com\/"},{"@type":"ListItem","position":2,"name":"REHABILITACI\u00d3N ENERG\u00c9TICA"}]},{"@type":"WebSite","@id":"https:\/\/arquitectesvallesbaix.com\/#website","url":"https:\/\/arquitectesvallesbaix.com\/","name":"Arquitectes Vall\u00e8s-Baix","description":"","publisher":{"@id":"https:\/\/arquitectesvallesbaix.com\/#organization"},"potentialAction":[{"@type":"SearchAction","target":{"@type":"EntryPoint","urlTemplate":"https:\/\/arquitectesvallesbaix.com\/?s={search_term_string}"},"query-input":{"@type":"PropertyValueSpecification","valueRequired":true,"valueName":"search_term_string"}}],"inLanguage":"es"},{"@type":"Organization","@id":"https:\/\/arquitectesvallesbaix.com\/#organization","name":"Arquitectes Vall\u00e8s-Baix","url":"https:\/\/arquitectesvallesbaix.com\/","logo":{"@type":"ImageObject","inLanguage":"es","@id":"https:\/\/arquitectesvallesbaix.com\/#\/schema\/logo\/image\/","url":"https:\/\/arquitectesvallesbaix.comwp-content\/uploads\/2023\/03\/favicon.png","contentUrl":"https:\/\/arquitectesvallesbaix.comwp-content\/uploads\/2023\/03\/favicon.png","width":447,"height":447,"caption":"Arquitectes Vall\u00e8s-Baix"},"image":{"@id":"https:\/\/arquitectesvallesbaix.com\/#\/schema\/logo\/image\/"},"sameAs":["https:\/\/x.com\/arquitectesvb","https:\/\/www.linkedin.com\/in\/arquitectesvallesbaix\/?originalSubdomain=es"]}]}},"_links":{"self":[{"href":"https:\/\/arquitectesvallesbaix.com\/es\/wp-json\/wp\/v2\/pages\/2269","targetHints":{"allow":["GET"]}}],"collection":[{"href":"https:\/\/arquitectesvallesbaix.com\/es\/wp-json\/wp\/v2\/pages"}],"about":[{"href":"https:\/\/arquitectesvallesbaix.com\/es\/wp-json\/wp\/v2\/types\/page"}],"author":[{"embeddable":true,"href":"https:\/\/arquitectesvallesbaix.com\/es\/wp-json\/wp\/v2\/users\/1"}],"replies":[{"embeddable":true,"href":"https:\/\/arquitectesvallesbaix.com\/es\/wp-json\/wp\/v2\/comments?post=2269"}],"version-history":[{"count":0,"href":"https:\/\/arquitectesvallesbaix.com\/es\/wp-json\/wp\/v2\/pages\/2269\/revisions"}],"wp:attachment":[{"href":"https:\/\/arquitectesvallesbaix.com\/es\/wp-json\/wp\/v2\/media?parent=2269"}],"curies":[{"name":"wp","href":"https:\/\/api.w.org\/{rel}","templated":true}]}}